{"id":111,"date":"2022-02-15T13:32:38","date_gmt":"2022-02-15T13:32:38","guid":{"rendered":"https:\/\/green-chile.cl\/?page_id=111"},"modified":"2025-10-23T23:33:52","modified_gmt":"2025-10-23T23:33:52","slug":"nuestra-empresa","status":"publish","type":"page","link":"https:\/\/green-chile.cl\/en\/nuestra-empresa\/","title":{"rendered":"Nuestra empresa"},"content":{"rendered":"<p>[et_pb_section fb_built=\u00bb1&#8243; _builder_version=\u00bb4.22.2&#8243; _module_preset=\u00bbdefault\u00bb background_image=\u00bbhttps:\/\/green-chile.cl\/wp-content\/uploads\/2022\/03\/green-tech-web2.jpg\u00bb custom_padding=\u00bb0px||335px|||\u00bb global_colors_info=\u00bb{}\u00bb][\/et_pb_section][et_pb_section fb_built=\u00bb1&#8243; _builder_version=\u00bb4.16&#8243; _module_preset=\u00bbdefault\u00bb global_colors_info=\u00bb{}\u00bb][et_pb_row column_structure=\u00bb1_2,1_2&#8243; custom_padding_last_edited=\u00bbon|phone\u00bb _builder_version=\u00bb4.16&#8243; _module_preset=\u00bbdefault\u00bb width_tablet=\u00bb\u00bb width_phone=\u00bb100%\u00bb width_last_edited=\u00bbon|phone\u00bb custom_margin_tablet=\u00bb\u00bb custom_margin_phone=\u00bb|20px||20px|false|false\u00bb custom_margin_last_edited=\u00bbon|phone\u00bb custom_padding_tablet=\u00bb\u00bb custom_padding_phone=\u00bb|40px|||false|false\u00bb global_colors_info=\u00bb{}\u00bb][et_pb_column type=\u00bb1_2&#8243; _builder_version=\u00bb4.16&#8243; _module_preset=\u00bbdefault\u00bb global_colors_info=\u00bb{}\u00bb][et_pb_image src=\u00bbhttps:\/\/green-chile.cl\/wp-content\/uploads\/2022\/02\/verde-claro.png\u00bb title_text=\u00bbverde-claro\u00bb align_tablet=\u00bb\u00bb align_phone=\u00bbcenter\u00bb align_last_edited=\u00bbon|phone\u00bb _builder_version=\u00bb4.16&#8243; _module_preset=\u00bbdefault\u00bb width=\u00bb20%\u00bb locked=\u00bboff\u00bb global_colors_info=\u00bb{}\u00bb][\/et_pb_image][et_pb_text content_tablet=\u00bb<\/p>\n<h1>NUESTRA EMPRESA<\/h1>\n<h3>POLITICA EMPRESARIAL<\/h3>\n<p>\u00bb content_phone=\u00bb<\/p>\n<h1 style=%22text-align: center;%22>NUESTRA EMPRESA<\/h1>\n<h3 style=%22text-align: center;%22>POLITICA EMPRESARIAL<\/h3>\n<p>\u00bb content_last_edited=\u00bbon|phone\u00bb _builder_version=\u00bb4.16&#8243; _module_preset=\u00bbdefault\u00bb header_font=\u00bbfutura bold||||||||\u00bb header_text_color=\u00bb#2f9379&#8243; header_3_text_color=\u00bb#70717A\u00bb global_colors_info=\u00bb{}\u00bb]<\/p>\n<h1>NUESTRA EMPRESA<\/h1>\n<h3>POLITICA EMPRESARIAL<\/h3>\n<p>[\/et_pb_text][et_pb_text disabled_on=\u00bbon|off|off\u00bb _builder_version=\u00bb4.16&#8243; _module_preset=\u00bbdefault\u00bb text_font=\u00bbfutura medium||||||||\u00bb text_font_size=\u00bb19px\u00bb custom_padding=\u00bb4px||10px|||\u00bb global_colors_info=\u00bb{}\u00bb]<\/p>\n<p>Green Tech, empresa dedicada a la: Ingenier\u00eda,<br \/>Construcci\u00f3n, Mantenci\u00f3n de plantas de energ\u00eda,<br \/>est\u00e1 comprometida a entregar servicios de calidad,<br \/>proporcionar a su personal condiciones de trabajo<br \/>seguras y saludables para prevenir las lesiones y<br \/>deterioro de la salud relacionado por el trabajo,<br \/>como as\u00ed tambi\u00e9n la protecci\u00f3n del medio ambiente,<br \/>incluida la prevenci\u00f3n de la contaminaci\u00f3n y otros<br \/>compromisos.<\/p>\n<p>El compromiso de la empresa, es cumplir los acuerdos<br \/>con sus clientes, partes interesadas y requisitos legales<br \/>aplicables<\/p>\n<p>[\/et_pb_text][et_pb_text disabled_on=\u00bboff|on|on\u00bb _builder_version=\u00bb4.16&#8243; _module_preset=\u00bbdefault\u00bb text_font=\u00bbfutura medium||||||||\u00bb text_font_size=\u00bb19px\u00bb custom_padding=\u00bb4px||10px|||\u00bb text_orientation_tablet=\u00bb\u00bb text_orientation_phone=\u00bbjustified\u00bb text_orientation_last_edited=\u00bbon|phone\u00bb global_colors_info=\u00bb{}\u00bb]<\/p>\n<p>Green Tech, empresa dedicada a la: Ingenier\u00eda, Construcci\u00f3n, Mantenci\u00f3n de plantas de energ\u00eda, est\u00e1 comprometida a entregar servicios de calidad, proporcionar a su personal condiciones de trabajo seguras y saludables para prevenir las lesiones y deterioro de la salud relacionado por el trabajo, como as\u00ed tambi\u00e9n la protecci\u00f3n del medio ambiente, incluida la prevenci\u00f3n de la contaminaci\u00f3n y otros compromisos.<\/p>\n<p>El compromiso de la empresa, es cumplir los acuerdos con sus clientes, partes interesadas y requisitos legales aplicables.<\/p>\n<p>[\/et_pb_text][\/et_pb_column][et_pb_column type=\u00bb1_2&#8243; _builder_version=\u00bb4.16&#8243; _module_preset=\u00bbdefault\u00bb global_colors_info=\u00bb{}\u00bb][et_pb_text disabled_on=\u00bbon|off|off\u00bb _builder_version=\u00bb4.16&#8243; _module_preset=\u00bbdefault\u00bb text_font_size=\u00bb19px\u00bb global_colors_info=\u00bb{}\u00bb]<\/p>\n<p>&nbsp;<\/p>\n<p>&nbsp;<\/p>\n<p>Para lograrlo promovemos la participaci\u00f3n activa de<br \/>nuestro personal en el cumplimiento de los objetivos de<br \/>esta Pol\u00edtica y otorgamos la mayor importancia a la<br \/>eficacia y Mejora Continua del Sistema de Gesti\u00f3n<br \/>Integrado Certificado.<\/p>\n<p>[\/et_pb_text][et_pb_text disabled_on=\u00bboff|on|on\u00bb _builder_version=\u00bb4.16&#8243; _module_preset=\u00bbdefault\u00bb text_font_size=\u00bb19px\u00bb text_orientation_tablet=\u00bb\u00bb text_orientation_phone=\u00bbjustified\u00bb text_orientation_last_edited=\u00bbon|phone\u00bb global_colors_info=\u00bb{}\u00bb]<\/p>\n<p>&nbsp;<\/p>\n<p>&nbsp;<\/p>\n<p>Para lograrlo promovemos la participaci\u00f3n activa de nuestro personal en el cumplimiento de los objetivos de<br \/>esta Pol\u00edtica y otorgamos la mayor importancia a la eficacia y Mejora Continua del Sistema de Gesti\u00f3n Integrado Certificado.<\/p>\n<p>[\/et_pb_text][et_pb_text _builder_version=\u00bb4.16&#8243; _module_preset=\u00bbdefault\u00bb text_text_color=\u00bb#00504D\u00bb text_font_size=\u00bb22px\u00bb global_colors_info=\u00bb{}\u00bb]<\/p>\n<p>\u00bfQUIERES SABER M\u00c1S DE NOSOTROS?<\/p>\n<p>[\/et_pb_text][et_pb_button button_url=\u00bbhttps:\/\/green-chile.cl\/wp-content\/uploads\/2022\/02\/Brochure-Servicios-Greentech.pdf\u00bb url_new_window=\u00bbon\u00bb button_text=\u00bbDescarga nuestro brochure\u00bb _builder_version=\u00bb4.16&#8243; _module_preset=\u00bbdefault\u00bb global_colors_info=\u00bb{}\u00bb][\/et_pb_button][et_pb_button button_url=\u00bbhttps:\/\/green-chile.cl\/wp-content\/uploads\/2022\/02\/Fichas-Te\u0301cnicas-Maquinarias.pdf\u00bb url_new_window=\u00bbon\u00bb button_text=\u00bbVer fichas de Maquinarias\u00bb _builder_version=\u00bb4.16&#8243; _module_preset=\u00bbdefault\u00bb locked=\u00bboff\u00bb global_colors_info=\u00bb{}\u00bb][\/et_pb_button][et_pb_button button_url=\u00bbhttps:\/\/green-chile.cl\/wp-content\/uploads\/2022\/02\/Fichas-Te\u0301cnicas-Instrumentos.pdf\u00bb url_new_window=\u00bbon\u00bb button_text=\u00bbVer fichas de Instrumentos\u00bb _builder_version=\u00bb4.16&#8243; _module_preset=\u00bbdefault\u00bb locked=\u00bboff\u00bb global_colors_info=\u00bb{}\u00bb][\/et_pb_button][\/et_pb_column][\/et_pb_row][\/et_pb_section][et_pb_section fb_built=\u00bb1&#8243; _builder_version=\u00bb4.16&#8243; _module_preset=\u00bbdefault\u00bb background_color=\u00bb#00504D\u00bb global_colors_info=\u00bb{}\u00bb][et_pb_row column_structure=\u00bb1_2,1_2&#8243; _builder_version=\u00bb4.16&#8243; _module_preset=\u00bbdefault\u00bb width=\u00bb100%\u00bb max_width=\u00bb1286px\u00bb global_colors_info=\u00bb{}\u00bb][et_pb_column type=\u00bb1_2&#8243; _builder_version=\u00bb4.16&#8243; _module_preset=\u00bbdefault\u00bb global_colors_info=\u00bb{}\u00bb][et_pb_image src=\u00bbhttps:\/\/green-chile.cl\/wp-content\/uploads\/2022\/02\/verde-claro.png\u00bb title_text=\u00bbverde-claro\u00bb align_tablet=\u00bb\u00bb align_phone=\u00bbcenter\u00bb align_last_edited=\u00bbon|phone\u00bb _builder_version=\u00bb4.16&#8243; _module_preset=\u00bbdefault\u00bb global_colors_info=\u00bb{}\u00bb][\/et_pb_image][et_pb_text content_tablet=\u00bb<\/p>\n<h2>NUESTROS PRINCIPALES<br \/>OBEJTIVOS SON:<\/h2>\n<p>\u00bb content_phone=\u00bb<\/p>\n<h2 style=%22text-align: center;%22>NUESTROS PRINCIPALES<br \/>OBEJTIVOS SON:<\/h2>\n<p>\u00bb content_last_edited=\u00bbon|phone\u00bb _builder_version=\u00bb4.16&#8243; _module_preset=\u00bbdefault\u00bb header_2_text_color=\u00bb#ffffff\u00bb global_colors_info=\u00bb{}\u00bb]<\/p>\n<h2>NUESTROS PRINCIPALES<br \/>OBJETIVOS SON:<\/h2>\n<p>[\/et_pb_text][\/et_pb_column][et_pb_column type=\u00bb1_2&#8243; _builder_version=\u00bb4.16&#8243; _module_preset=\u00bbdefault\u00bb global_colors_info=\u00bb{}\u00bb][et_pb_text _builder_version=\u00bb4.16&#8243; _module_preset=\u00bbdefault\u00bb text_text_color=\u00bb#f7f7f7&#8243; text_font_size=\u00bb21px\u00bb custom_padding_tablet=\u00bb\u00bb custom_padding_phone=\u00bb|20px||20px|false|false\u00bb custom_padding_last_edited=\u00bbon|phone\u00bb global_colors_info=\u00bb{}\u00bb]<\/p>\n<p>\u2022 Orientaci\u00f3n al cliente, logrando la satisfacci\u00f3n del cliente.<\/p>\n<p>\u2022 Eliminar los peligros y reducir el riesgo de cada proceso,<br \/>protegiendo la integridad f\u00edsica y la salud del personal.<\/p>\n<p>\u2022 Entregar un servicio de calidad.<\/p>\n<p>\u2022 Contar con personal competente.<\/p>\n<p>\u2022 Estandarizar la entrega de los proyectos, que aseguren la<br \/>conformidad de los servicios.<\/p>\n<p>\u2022 Gesti\u00f3n Ambiental: Protecci\u00f3n del medio ambiente y<br \/>prevenci\u00f3n de la contaminaci\u00f3n.<\/p>\n<p>\u2022 Promover la consulta y participaci\u00f3n de los trabajadores.<\/p>\n<p>\u2022 Cumplir con los compromisos contractuales, legales y otros<br \/>compromisos voluntarios que la organizaci\u00f3n suscriba.<\/p>\n<p>[\/et_pb_text][\/et_pb_column][\/et_pb_row][\/et_pb_section][et_pb_section fb_built=\u00bb1&#8243; module_id=\u00bbequipo\u00bb _builder_version=\u00bb4.16&#8243; _module_preset=\u00bbdefault\u00bb background_image=\u00bbhttps:\/\/green-chile.cl\/wp-content\/uploads\/2022\/02\/fondo-equipo-de-trabajo.png\u00bb custom_padding=\u00bb82px||64px|||\u00bb global_colors_info=\u00bb{}\u00bb][et_pb_row _builder_version=\u00bb4.16&#8243; _module_preset=\u00bbdefault\u00bb global_colors_info=\u00bb{}\u00bb][et_pb_column type=\u00bb4_4&#8243; _builder_version=\u00bb4.16&#8243; _module_preset=\u00bbdefault\u00bb global_colors_info=\u00bb{}\u00bb][et_pb_text _builder_version=\u00bb4.16&#8243; _module_preset=\u00bbdefault\u00bb text_font_size=\u00bb19px\u00bb header_text_color=\u00bb#E3ECEB\u00bb header_3_text_color=\u00bb#70717A\u00bb header_6_font=\u00bbfutura medium italic||||||||\u00bb header_6_text_color=\u00bb#00504D\u00bb global_colors_info=\u00bb{}\u00bb]<\/p>\n<h3>NUESTRO EQUIPO DE TRABAJO<\/h3>\n<p>&nbsp;<\/p>\n<p>Un selecto grupo de profesionales ha sido el pilar de nuestra empresa para poder dar soluci\u00f3n<br \/>y satisfacci\u00f3n de servicio a nuestros clientes, entre ellos:<\/p>\n<p>&nbsp;<\/p>\n<h6>Ingeniero Civil Industrial.<\/h6>\n<h6>Ingeniero Civil Electricista SEC-A.<\/h6>\n<h6>Ingeniero Civil Electr\u00f3nico.<\/h6>\n<h6>Ingeniero Civil Ambiental.<\/h6>\n<h6>Ingeniero Civil en Minas<\/h6>\n<h6>Oficina de Prevenci\u00f3n de Riesgos.<\/h6>\n<h6>Administraci\u00f3n Centralizada ( Sistema de Gesti\u00f3n Integrado ISO). Abogados<\/h6>\n<p>[\/et_pb_text][\/et_pb_column][\/et_pb_row][\/et_pb_section][et_pb_section fb_built=\u00bb1&#8243; _builder_version=\u00bb4.14.7&#8243; _module_preset=\u00bbdefault\u00bb background_color=\u00bb#00504D\u00bb background_image=\u00bbhttps:\/\/green-chile.cl\/wp-content\/uploads\/2022\/02\/fondo-footer.png\u00bb custom_padding=\u00bb0px||38px|||\u00bb global_module=\u00bb101&#8243; saved_tabs=\u00bball\u00bb global_colors_info=\u00bb{}\u00bb][et_pb_row column_structure=\u00bb1_3,1_3,1_3&#8243; _builder_version=\u00bb4.16&#8243; _module_preset=\u00bbdefault\u00bb width=\u00bb100%\u00bb max_width=\u00bb1226px\u00bb global_colors_info=\u00bb{}\u00bb][et_pb_column type=\u00bb1_3&#8243; _builder_version=\u00bb4.16&#8243; _module_preset=\u00bbdefault\u00bb global_colors_info=\u00bb{}\u00bb][et_pb_image src=\u00bbhttps:\/\/green-chile.cl\/wp-content\/uploads\/2022\/03\/logo-blanco-green.png\u00bb title_text=\u00bblogo-blanco-green\u00bb align_tablet=\u00bb\u00bb align_phone=\u00bbcenter\u00bb align_last_edited=\u00bbon|phone\u00bb _builder_version=\u00bb4.16&#8243; _module_preset=\u00bbdefault\u00bb global_colors_info=\u00bb{}\u00bb][\/et_pb_image][\/et_pb_column][et_pb_column type=\u00bb1_3&#8243; _builder_version=\u00bb4.16&#8243; _module_preset=\u00bbdefault\u00bb global_colors_info=\u00bb{}\u00bb][et_pb_text content_tablet=\u00bb\u00bb content_phone=\u00bb<\/p>\n<p style=%22text-align: center;%22>\n<p style=%22text-align: center;%22><img src=%22https:\/\/green-chile.cl\/wp-content\/uploads\/2022\/02\/icono1.1.png%22 width=%2222%22 height=%2215%22 alt=%22%22 class=%22wp-image-21 alignnone size-full%22 \/> <span style=%22color: #ffffff;%22> <a href=%22mailto:comercial@green-chile.cl%22 style=%22color: #ffffff;%22>comercial@green-chile.cl<\/a><\/span><\/p>\n<p style=%22text-align: center;%22><img src=%22https:\/\/green-chile.cl\/wp-content\/uploads\/2022\/02\/icono2.2.png%22 width=%2220%22 height=%2220%22 alt=%22%22 class=%22wp-image-23 alignnone size-full%22 \/> <span style=%22color: #ffffff;%22><a href=%22tel:+560985950341%22 style=%22color: #ffffff;%22>+56 09 85950341<\/a><\/span><\/p>\n<p>\u00bb content_last_edited=\u00bbon|phone\u00bb _builder_version=\u00bb4.16&#8243; _module_preset=\u00bbdefault\u00bb text_font=\u00bbfutura medium||||||||\u00bb text_font_size=\u00bb21px\u00bb global_colors_info=\u00bb{}\u00bb]<\/p>\n<p>&nbsp;<\/p>\n<p><img loading=\"lazy\" decoding=\"async\" src=\"https:\/\/green-chile.cl\/wp-content\/uploads\/2022\/02\/icono1.1.png\" width=\"22\" height=\"15\" alt=\"\" class=\"wp-image-21 alignnone size-full\" \/>\u00a0<span style=\"color: #ffffff;\"> <a href=\"mailto:comercial@green-chile.cl\" style=\"color: #ffffff;\">comercial@green-chile.cl<\/a><\/span><\/p>\n<p><img loading=\"lazy\" decoding=\"async\" src=\"https:\/\/green-chile.cl\/wp-content\/uploads\/2022\/02\/icono2.2.png\" width=\"20\" height=\"20\" alt=\"\" class=\"wp-image-23 alignnone size-full\" \/> <span style=\"color: #ffffff;\"><a href=\"tel:+560985950341\" style=\"color: #ffffff;\">+56 09 85950341<\/a><\/span><\/p>\n<p>[\/et_pb_text][\/et_pb_column][et_pb_column type=\u00bb1_3&#8243; _builder_version=\u00bb4.16&#8243; _module_preset=\u00bbdefault\u00bb global_colors_info=\u00bb{}\u00bb][et_pb_text content_tablet=\u00bb\u00bb content_phone=\u00bb<\/p>\n<p style=%22text-align: center;%22><img src=%22https:\/\/green-chile.cl\/wp-content\/uploads\/2022\/02\/icono3.3.png%22 width=%2215%22 height=%2223%22 alt=%22%22 class=%22wp-image-25 alignnone size-full%22 \/> <span style=%22color: #ffffff;%22>Direcci\u00f3n: <a href=%22https:\/\/goo.gl\/maps\/m67KV9sjAHxYBPAa8%22 style=%22color: #ffffff;%22>Cristobal Col\u00f3n 4011, Las Condes, Santiago, Chile<\/a><\/span><\/p>\n<p>\u00bb content_last_edited=\u00bbon|phone\u00bb _builder_version=\u00bb4.16&#8243; _module_preset=\u00bbdefault\u00bb text_font=\u00bbfutura medium||||||||\u00bb text_font_size=\u00bb21px\u00bb custom_padding_tablet=\u00bb\u00bb custom_padding_phone=\u00bb|20px||20px|false|false\u00bb custom_padding_last_edited=\u00bbon|phone\u00bb locked=\u00bboff\u00bb global_colors_info=\u00bb{}\u00bb]<\/p>\n<p>&nbsp;<\/p>\n<p><img loading=\"lazy\" decoding=\"async\" src=\"https:\/\/green-chile.cl\/wp-content\/uploads\/2022\/02\/icono3.3.png\" width=\"15\" height=\"23\" alt=\"\" class=\"wp-image-25 alignnone size-full\" \/>\u00a0<span style=\"color: #ffffff;\">Direcci\u00f3n: <a href=\"https:\/\/goo.gl\/maps\/m67KV9sjAHxYBPAa8\" style=\"color: #ffffff;\">Cristobal Col\u00f3n 4011, Las Condes, Santiago, Chile<\/a><\/span><\/p>\n<p><span style=\"color: #ffffff;\">\u00a0<\/span><\/p>\n<p>[\/et_pb_text][\/et_pb_column][\/et_pb_row][\/et_pb_section]<\/p>\n","protected":false},"excerpt":{"rendered":"<p>NUESTRA EMPRESA POLITICA EMPRESARIALGreen Tech, empresa dedicada a la: Ingenier\u00eda,Construcci\u00f3n, Mantenci\u00f3n de plantas de energ\u00eda,est\u00e1 comprometida a entregar servicios de calidad,proporcionar a su personal condiciones de trabajoseguras y saludables para prevenir las lesiones ydeterioro de la salud relacionado por el trabajo,como as\u00ed tambi\u00e9n la protecci\u00f3n del medio ambiente,incluida la prevenci\u00f3n de la contaminaci\u00f3n y otroscompromisos. [&hellip;]<\/p>\n","protected":false},"author":1,"featured_media":0,"parent":0,"menu_order":0,"comment_status":"closed","ping_status":"closed","template":"","meta":{"_et_pb_use_builder":"on","_et_pb_old_content":"","_et_gb_content_width":"","footnotes":""},"class_list":["post-111","page","type-page","status-publish","hentry"],"_links":{"self":[{"href":"https:\/\/green-chile.cl\/en\/wp-json\/wp\/v2\/pages\/111","targetHints":{"allow":["GET"]}}],"collection":[{"href":"https:\/\/green-chile.cl\/en\/wp-json\/wp\/v2\/pages"}],"about":[{"href":"https:\/\/green-chile.cl\/en\/wp-json\/wp\/v2\/types\/page"}],"author":[{"embeddable":true,"href":"https:\/\/green-chile.cl\/en\/wp-json\/wp\/v2\/users\/1"}],"replies":[{"embeddable":true,"href":"https:\/\/green-chile.cl\/en\/wp-json\/wp\/v2\/comments?post=111"}],"version-history":[{"count":30,"href":"https:\/\/green-chile.cl\/en\/wp-json\/wp\/v2\/pages\/111\/revisions"}],"predecessor-version":[{"id":436,"href":"https:\/\/green-chile.cl\/en\/wp-json\/wp\/v2\/pages\/111\/revisions\/436"}],"wp:attachment":[{"href":"https:\/\/green-chile.cl\/en\/wp-json\/wp\/v2\/media?parent=111"}],"curies":[{"name":"wp","href":"https:\/\/api.w.org\/{rel}","templated":true}]}}